{"id":20,"date":"2023-03-23T17:30:41","date_gmt":"2023-03-23T16:30:41","guid":{"rendered":"https:\/\/schirach-bienengesellschaft.de\/?page_id=20"},"modified":"2025-07-07T11:19:32","modified_gmt":"2025-07-07T09:19:32","slug":"erste","status":"publish","type":"page","link":"https:\/\/schirach-bienengesellschaft.de\/hsb\/","title":{"rendered":"Pr\u011bnja strona"},"content":{"rendered":"<div id=\"pl-20\"  class=\"panel-layout\" ><div id=\"pg-20-0\"  class=\"panel-grid panel-has-style\" ><div class=\"so-rounded panel-row-style panel-row-style-for-20-0\" ><div id=\"pgc-20-0-0\"  class=\"panel-grid-cell\" ><div id=\"panel-20-0-0-0\" class=\"so-panel widget widget_sow-image panel-first-child panel-last-child\" data-index=\"0\" ><div class=\"so-rounded panel-widget-style panel-widget-style-for-20-0-0-0\" ><div\n\t\t\t\n\t\t\tclass=\"so-widget-sow-image so-widget-sow-image-default-8b5b6f678277-20\"\n\t\t\t data-overlay-enabled=\"1\" data-overlay-settings=\"{&quot;enabled_for_widgets&quot;:[&quot;sow-image&quot;,&quot;sow-image-grid&quot;,&quot;sow-simple-masonry&quot;],&quot;theme&quot;:&quot;&quot;,&quot;show_delay&quot;:300,&quot;overlay_color&quot;:&quot;#000000&quot;,&quot;overlay_opacity&quot;:0.8000000000000000444089209850062616169452667236328125,&quot;overlay_position&quot;:&quot;bottom&quot;,&quot;overlay_size&quot;:0.299999999999999988897769753748434595763683319091796875,&quot;desktop_show_trigger&quot;:&quot;hover&quot;,&quot;touch_show_trigger&quot;:&quot;touch&quot;,&quot;responsive_breakpoint&quot;:&quot;1024px&quot;,&quot;responsive_breakpoint_unit&quot;:&quot;px&quot;,&quot;overlay_animation&quot;:&quot;fade&quot;,&quot;overlay_animation_onscreen&quot;:false,&quot;font_family&quot;:&quot;&quot;,&quot;text_size&quot;:&quot;15px&quot;,&quot;text_size_unit&quot;:&quot;px&quot;,&quot;text_color&quot;:&quot;#fff&quot;,&quot;text_padding&quot;:&quot;22px 22px 22px 22px&quot;,&quot;text_position&quot;:&quot;middle&quot;,&quot;text_align&quot;:&quot;left&quot;,&quot;text_animation&quot;:&quot;&quot;}\"\n\t\t>\n<div class=\"sow-image-container\">\n\t\t<img \n\tsrc=\"https:\/\/schirach-bienengesellschaft.de\/wp-content\/uploads\/2024\/08\/Schirachstart.png\" width=\"1280\" height=\"406\" srcset=\"https:\/\/schirach-bienengesellschaft.de\/wp-content\/uploads\/2024\/08\/Schirachstart.png 1280w, https:\/\/schirach-bienengesellschaft.de\/wp-content\/uploads\/2024\/08\/Schirachstart-300x95.png 300w, https:\/\/schirach-bienengesellschaft.de\/wp-content\/uploads\/2024\/08\/Schirachstart-1024x325.png 1024w, https:\/\/schirach-bienengesellschaft.de\/wp-content\/uploads\/2024\/08\/Schirachstart-150x48.png 150w, https:\/\/schirach-bienengesellschaft.de\/wp-content\/uploads\/2024\/08\/Schirachstart-768x244.png 768w\" sizes=\"(max-width: 1280px) 100vw, 1280px\" alt=\"\" \t\tclass=\"so-widget-image\"\/>\n\t<\/div>\n\n<\/div><\/div><\/div><\/div><\/div><\/div><div id=\"pg-20-1\"  class=\"panel-grid panel-no-style\" ><div id=\"pgc-20-1-0\"  class=\"panel-grid-cell\" ><div id=\"panel-20-1-0-0\" class=\"so-panel widget widget_sow-headline panel-first-child\" data-index=\"1\" ><div class=\"so-rounded panel-widget-style panel-widget-style-for-20-1-0-0\" ><div\n\t\t\t\n\t\t\tclass=\"so-widget-sow-headline so-widget-sow-headline-default-fc9a933aa32f-20\"\n\t\t\t\n\t\t><div class=\"sow-headline-container \">\n\t\t\t\t\t\t\t<h2 class=\"sow-headline\">\n\t\t\t\t\t\tdie Schirach Bienengesellschaft\t\t\t\t\t\t<\/h2>\n\t\t\t\t\t\t\t\t\t\t\t<div class=\"decoration\">\n\t\t\t\t\t\t<div class=\"decoration-inside\"><\/div>\n\t\t\t\t\t<\/div>\n\t\t\t\t\t<\/div>\n<\/div><\/div><\/div><div id=\"panel-20-1-0-1\" class=\"so-panel widget widget_sow-editor panel-last-child\" data-index=\"2\" ><div class=\"so-rounded panel-widget-style panel-widget-style-for-20-1-0-1\" ><div\n\t\t\t\n\t\t\tclass=\"so-widget-sow-editor so-widget-sow-editor-base\"\n\t\t\t\n\t\t>\n<div class=\"siteorigin-widget-tinymce textwidget\">\n\t<p>Die Schirach Bienengesellschaft wurde von den Imkern von Kleinbautzen und Umgebung als zuk\u00fcnftig eingetragener Verein gegr\u00fcndet, um Adam Gottlob Schirach, den Gr\u00fcnder des ersten weltweit offiziellen Imkervereins und der 1. S\u00e4chsischen Imkerschule, zum 300. Geburtstag zu gedenken.<br \/>\nA.G.Schirach leitete mit seinen Erkenntnissen das neue Zeitalter der Bienenwissenschaft ein.<\/p>\n<p><strong>Die Aufgaben der Schirach-Bienengesellschaft sind:<\/strong><\/p>\n<p>\u2022 Traditionspflege um die Person A.G. Schirach<br \/>\n\u2022 Betreiben der 1. S\u00e4chsischen Imkerschule \u201eA.G. Schirach\u201c in Kleinbautzen mit dem Ziel der Aus- und Fortbildung von Imkern<br \/>\n\u2022 Pflege und Vermehrung der Honigbiene<br \/>\n\u2022 Die j\u00e4hrliche Ausrichtung des Bienen-Convents als internationale Fachkonferenz<br \/>\n\u2022 Fachliche Betreuung der Mitglieder unseres Imkervereines<br \/>\n\u2022 Mitgestaltung des d\u00f6rflichen Lebens in Kleinbautzen und Preititz (Schirachs ehemalige Pfarrgemeinde)<\/p>\n<p>Als eingetragener Verein streben wir die Mitgliedschaft im Landesverband S\u00e4chsischer Imker e.V. sowie im Bundesverband der Dunklen Biene e.V. an, denn Schirach nannte sie damals seine Waldbiene.<br \/>\nEbenso streben wir in Schirachs Sinne eine Mitgliedschaft im Slawischen Welt-Imkerbund an.<br \/>\nDamit bringen wir die Verbundenheit Schirachs zu seinem Sorbischen (Slawischen) Volk zum Ausdruck.<\/p>\n<\/div>\n<\/div><\/div><\/div><\/div><\/div><div id=\"pg-20-2\"  class=\"panel-grid panel-no-style\" ><div id=\"pgc-20-2-0\"  class=\"panel-grid-cell\" ><div id=\"panel-20-2-0-0\" class=\"so-panel widget widget_sow-headline panel-first-child panel-last-child\" data-index=\"3\" ><div class=\"so-rounded panel-widget-style panel-widget-style-for-20-2-0-0\" ><div\n\t\t\t\n\t\t\tclass=\"so-widget-sow-headline so-widget-sow-headline-default-fc9a933aa32f-20\"\n\t\t\t\n\t\t><div class=\"sow-headline-container \">\n\t\t\t\t\t\t\t<h2 class=\"sow-headline\">\n\t\t\t\t\t\tLeben und Wirken\t\t\t\t\t\t<\/h2>\n\t\t\t\t\t\t\t\t\t\t\t<div class=\"decoration\">\n\t\t\t\t\t\t<div class=\"decoration-inside\"><\/div>\n\t\t\t\t\t<\/div>\n\t\t\t\t\t<\/div>\n<\/div><\/div><\/div><\/div><\/div><div id=\"pg-20-4\"  class=\"panel-grid panel-has-style\" ><div class=\"so-rounded panel-row-style panel-row-style-for-20-4\" ><div id=\"pgc-20-4-0\"  class=\"panel-grid-cell panel-grid-cell-empty\" ><\/div><div id=\"pgc-20-4-1\"  class=\"panel-grid-cell panel-grid-cell-mobile-last\" ><div id=\"panel-20-4-1-0\" class=\"so-panel widget widget_sow-hero panel-first-child panel-last-child\" data-index=\"5\" ><div class=\"panel-widget-style panel-widget-style-for-20-4-1-0\" ><div\n\t\t\t\n\t\t\tclass=\"so-widget-sow-hero so-widget-sow-hero-default-50c347014c16-20 so-widget-fittext-wrapper\"\n\t\t\t data-fit-text-compressor=\"0.85\"\n\t\t>\t\t\t\t<div class=\"sow-slider-base\" style=\"display: none\" tabindex=\"0\">\n\t\t\t\t\t<ul\n\t\t\t\t\tclass=\"sow-slider-images\"\n\t\t\t\t\tdata-settings=\"{&quot;pagination&quot;:true,&quot;speed&quot;:400,&quot;timeout&quot;:8000,&quot;paused&quot;:true,&quot;pause_on_hover&quot;:false,&quot;swipe&quot;:true,&quot;nav_always_show_desktop&quot;:&quot;&quot;,&quot;nav_always_show_mobile&quot;:&quot;&quot;,&quot;breakpoint&quot;:&quot;780px&quot;,&quot;unmute&quot;:false,&quot;anchor&quot;:null}\"\n\t\t\t\t\tstyle=\"min-height: 760px\"\t\t\t\t\tdata-anchor-id=\"\"\n\t\t\t\t>\t\t<li class=\"sow-slider-image  sow-slider-image-cover\" style=\"visibility: visible;;background-color: #fff3c9;cursor: pointer;\" data-url=\"{&quot;url&quot;:&quot;https:\\\/\\\/schirach-bienengesellschaft.de\\\/hsb\\\/leben-und-wirken\\\/&quot;,&quot;new_window&quot;:false}\" >\n\t\t\t\t\t<div class=\"sow-slider-image-container\">\n\t\t\t<div class=\"sow-slider-image-wrapper\">\n\t\t\t\t<p>&nbsp;<\/p>\n<p>&nbsp;<\/p>\n<p>&nbsp;<\/p>\n<p>&nbsp;<\/p>\n<p>&nbsp;<\/p>\n<p>&nbsp;<\/p>\n<p>&nbsp;<\/p>\n<p>&nbsp;<\/p>\n<p>&nbsp;<\/p>\n<p>&nbsp;<\/p>\n<p>&nbsp;<\/p>\n<div class=\"sow-hero-buttons\" style=\"text-align: center\"><div\n\t\t\t\n\t\t\tclass=\"so-widget-sow-button so-widget-sow-button-flat-b83aec17210f\"\n\t\t\t\n\t\t><div class=\"ow-button-base ow-button-align-center\"\n>\n\t\t\t<a\n\t\t\t\t\thref=\"https:\/\/schirach-bienengesellschaft.de\/hsb\/leben-und-wirken\/\"\n\t\t\t\t\tclass=\"sowb-button ow-icon-placement-left\" \t>\n\t\t<span>\n\t\t\t<span class=\"sow-icon-fontawesome sow-fas\" data-sow-icon=\"&#xe0bb;\"\n\t\tstyle=\"color: #f6f6f6\" \n\t\taria-hidden=\"true\"><\/span>\n\t\t\tweiterlesen\t\t<\/span>\n\t\t\t<\/a>\n\t<\/div>\n<\/div><\/div>\n\t\t\t<\/div>\n\t\t<\/div>\n\t\t<div class=\"sow-slider-image-overlay sow-slider-image-cover\" style=\"opacity: 0.6;background-image: url(https:\/\/schirach-bienengesellschaft.de\/wp-content\/uploads\/2024\/08\/wundervolle-Biene_720.jpg)\"  ><\/div>\t\t<\/li>\n\t\t<\/ul>\t\t\t\t<ol class=\"sow-slider-pagination\">\n\t\t\t\t\t\t\t\t\t\t\t<li><a href=\"#\" data-goto=\"0\" aria-label=\"Display slide 1\"><\/a><\/li>\n\t\t\t\t\t\t\t\t\t<\/ol>\n\n\t\t\t\t<div class=\"sow-slide-nav sow-slide-nav-next\">\n\t\t\t\t\t<a href=\"#\" data-goto=\"next\" aria-label=\"Next slide\" data-action=\"next\">\n\t\t\t\t\t\t<em class=\"sow-sld-icon-thin-right\"><\/em>\n\t\t\t\t\t<\/a>\n\t\t\t\t<\/div>\n\n\t\t\t\t<div class=\"sow-slide-nav sow-slide-nav-prev\">\n\t\t\t\t\t<a href=\"#\" data-goto=\"previous\" aria-label=\"Previous slide\" data-action=\"prev\">\n\t\t\t\t\t\t<em class=\"sow-sld-icon-thin-left\"><\/em>\n\t\t\t\t\t<\/a>\n\t\t\t\t<\/div>\n\t\t\t\t<\/div><\/div><\/div><\/div><\/div><div id=\"pgc-20-4-2\"  class=\"panel-grid-cell panel-grid-cell-empty\" ><\/div><\/div><\/div><div id=\"pg-20-5\"  class=\"panel-grid panel-no-style\" ><div id=\"pgc-20-5-0\"  class=\"panel-grid-cell panel-grid-cell-empty\" ><\/div><div id=\"pgc-20-5-1\"  class=\"panel-grid-cell panel-grid-cell-mobile-last\" ><div class=\"so-rounded panel-cell-style panel-cell-style-for-20-5-1\" ><div id=\"panel-20-5-1-0\" class=\"so-panel widget widget_sow-hero panel-first-child panel-last-child\" data-index=\"6\" ><div\n\t\t\t\n\t\t\tclass=\"so-widget-sow-hero so-widget-sow-hero-default-d48cf1461abb-20 so-widget-fittext-wrapper\"\n\t\t\t data-fit-text-compressor=\"0.85\"\n\t\t>\t\t\t\t<div class=\"sow-slider-base\" style=\"display: none\" tabindex=\"0\">\n\t\t\t\t\t<ul\n\t\t\t\t\tclass=\"sow-slider-images\"\n\t\t\t\t\tdata-settings=\"{&quot;pagination&quot;:true,&quot;speed&quot;:400,&quot;timeout&quot;:8000,&quot;paused&quot;:true,&quot;pause_on_hover&quot;:false,&quot;swipe&quot;:true,&quot;nav_always_show_desktop&quot;:&quot;&quot;,&quot;nav_always_show_mobile&quot;:&quot;&quot;,&quot;breakpoint&quot;:&quot;780px&quot;,&quot;unmute&quot;:false,&quot;anchor&quot;:null}\"\n\t\t\t\t\tstyle=\"min-height: 1073px\"\t\t\t\t\tdata-anchor-id=\"\"\n\t\t\t\t>\t\t<li class=\"sow-slider-image  sow-slider-image-cover\" style=\"visibility: visible;;background-color: #fff3c9;cursor: pointer;\" data-url=\"{&quot;url&quot;:&quot;https:\\\/\\\/schirach-bienengesellschaft.de\\\/hsb\\\/leben-und-wirken\\\/&quot;,&quot;new_window&quot;:false}\" >\n\t\t\t\t\t<div class=\"sow-slider-image-container\">\n\t\t\t<div class=\"sow-slider-image-wrapper\">\n\t\t\t\t<p>&nbsp;<\/p>\n<p>&nbsp;<\/p>\n<p>&nbsp;<\/p>\n<p>&nbsp;<\/p>\n<p>&nbsp;<\/p>\n<p>&nbsp;<\/p>\n<p>&nbsp;<\/p>\n<div class=\"sow-hero-buttons\" style=\"text-align: center\"><div\n\t\t\t\n\t\t\tclass=\"so-widget-sow-button so-widget-sow-button-flat-b83aec17210f\"\n\t\t\t\n\t\t><div class=\"ow-button-base ow-button-align-center\"\n>\n\t\t\t<a\n\t\t\t\t\thref=\"https:\/\/schirach-bienengesellschaft.de\/hsb\/leben-und-wirken\/\"\n\t\t\t\t\tclass=\"sowb-button ow-icon-placement-left\" \t>\n\t\t<span>\n\t\t\t<span class=\"sow-icon-fontawesome sow-fas\" data-sow-icon=\"&#xe0bb;\"\n\t\tstyle=\"color: #f6f6f6\" \n\t\taria-hidden=\"true\"><\/span>\n\t\t\tweiterlesen\t\t<\/span>\n\t\t\t<\/a>\n\t<\/div>\n<\/div><\/div>\n\t\t\t<\/div>\n\t\t<\/div>\n\t\t<div class=\"sow-slider-image-overlay sow-slider-image-cover\" style=\"opacity: 0.6;background-image: url(https:\/\/schirach-bienengesellschaft.de\/wp-content\/uploads\/2024\/08\/wundervolle-Biene-546.jpg)\"  ><\/div>\t\t<\/li>\n\t\t<\/ul>\t\t\t\t<ol class=\"sow-slider-pagination\">\n\t\t\t\t\t\t\t\t\t\t\t<li><a href=\"#\" data-goto=\"0\" aria-label=\"Display slide 1\"><\/a><\/li>\n\t\t\t\t\t\t\t\t\t<\/ol>\n\n\t\t\t\t<div class=\"sow-slide-nav sow-slide-nav-next\">\n\t\t\t\t\t<a href=\"#\" data-goto=\"next\" aria-label=\"Next slide\" data-action=\"next\">\n\t\t\t\t\t\t<em class=\"sow-sld-icon-thin-right\"><\/em>\n\t\t\t\t\t<\/a>\n\t\t\t\t<\/div>\n\n\t\t\t\t<div class=\"sow-slide-nav sow-slide-nav-prev\">\n\t\t\t\t\t<a href=\"#\" data-goto=\"previous\" aria-label=\"Previous slide\" data-action=\"prev\">\n\t\t\t\t\t\t<em class=\"sow-sld-icon-thin-left\"><\/em>\n\t\t\t\t\t<\/a>\n\t\t\t\t<\/div>\n\t\t\t\t<\/div><\/div><\/div><\/div><\/div><div id=\"pgc-20-5-2\"  class=\"panel-grid-cell panel-grid-cell-empty\" ><\/div><\/div><div id=\"pg-20-7\"  class=\"panel-grid panel-no-style\" ><div id=\"pgc-20-7-0\"  class=\"panel-grid-cell\" ><div id=\"panel-20-7-0-0\" class=\"so-panel widget widget_sow-headline panel-first-child panel-last-child\" data-index=\"8\" ><div class=\"so-rounded panel-widget-style panel-widget-style-for-20-7-0-0\" ><div\n\t\t\t\n\t\t\tclass=\"so-widget-sow-headline so-widget-sow-headline-default-fc9a933aa32f-20\"\n\t\t\t\n\t\t><div class=\"sow-headline-container \">\n\t\t\t\t\t\t\t<h2 class=\"sow-headline\">\n\t\t\t\t\t\tAktuelles\t\t\t\t\t\t<\/h2>\n\t\t\t\t\t\t\t\t\t\t\t<div class=\"decoration\">\n\t\t\t\t\t\t<div class=\"decoration-inside\"><\/div>\n\t\t\t\t\t<\/div>\n\t\t\t\t\t<\/div>\n<\/div><\/div><\/div><\/div><\/div><div id=\"pg-20-8\"  class=\"panel-grid panel-no-style\" ><div id=\"pgc-20-8-0\"  class=\"panel-grid-cell\" ><div id=\"panel-20-8-0-0\" class=\"so-panel widget widget_sow-blog panel-first-child panel-last-child\" data-index=\"9\" ><div\n\t\t\t\n\t\t\tclass=\"so-widget-sow-blog so-widget-sow-blog-grid-50c0dcf61b1e-20\"\n\t\t\t\n\t\t>\t\t<div\n\t\tclass=\"sow-blog sow-blog-layout-grid\"\n\t\tdata-template=\"grid\"\n\t\tdata-settings=\"{&quot;columns&quot;:3,&quot;featured_image&quot;:true,&quot;featured_image_empty&quot;:true,&quot;featured_image_size&quot;:&quot;full&quot;,&quot;featured_image_size_width&quot;:&quot;200&quot;,&quot;featured_image_size_height&quot;:&quot;150&quot;,&quot;tag&quot;:&quot;h2&quot;,&quot;content&quot;:&quot;excerpt&quot;,&quot;read_more&quot;:true,&quot;excerpt_length&quot;:55,&quot;excerpt_trim&quot;:&quot;&quot;,&quot;read_more_text&quot;:&quot;weiterlesen&quot;,&quot;date&quot;:true,&quot;filter_categories&quot;:false,&quot;categories&quot;:true,&quot;tags&quot;:true,&quot;pagination&quot;:&quot;disabled&quot;,&quot;pagination_reload&quot;:&quot;standard&quot;,&quot;so_field_container_state&quot;:&quot;open&quot;,&quot;featured_image_fallback&quot;:&quot;&quot;,&quot;trim_manual_excerpt&quot;:&quot;&quot;,&quot;author&quot;:&quot;&quot;,&quot;comment_count&quot;:&quot;&quot;,&quot;date_output_format&quot;:&quot;&quot;,&quot;template&quot;:&quot;grid&quot;}\"\n\t\tdata-paged=\"1\"\n\t\tdata-paging-id=\"50c0dcf61b1e\"\n\t\tdata-total-pages=\"7\"\n\t\tdata-hash=\"cac8bfb1\"\n\t>\n\t\t\n\t\t\t\t\t\t\t<div class=\"sow-blog-posts\">\n\t\t\t\t<article id=\"post-1433\" class=\"post-1433 post type-post status-publish format-standard has-post-thumbnail hentry category-veranstaltung tag-bienen-convent\" style=\"margin: 0 0 30px;\">\n\t\t\t\t\t<div class=\"sow-entry-thumbnail\">\n\t\t\t\t\t\t\t\t\t\t<a href=\"https:\/\/schirach-bienengesellschaft.de\/hsb\/2026\/02\/20\/dankeschoen\/\">\n\t\t\t\t\t\t<img loading=\"lazy\" decoding=\"async\" width=\"768\" height=\"512\" src=\"https:\/\/schirach-bienengesellschaft.de\/wp-content\/uploads\/2026\/02\/Holger-Bickel-und-Roland-Sachs-768.jpg\" class=\"attachment-full size-full wp-post-image\" alt=\"\" srcset=\"https:\/\/schirach-bienengesellschaft.de\/wp-content\/uploads\/2026\/02\/Holger-Bickel-und-Roland-Sachs-768.jpg 768w, https:\/\/schirach-bienengesellschaft.de\/wp-content\/uploads\/2026\/02\/Holger-Bickel-und-Roland-Sachs-768-300x200.jpg 300w, https:\/\/schirach-bienengesellschaft.de\/wp-content\/uploads\/2026\/02\/Holger-Bickel-und-Roland-Sachs-768-150x100.jpg 150w, https:\/\/schirach-bienengesellschaft.de\/wp-content\/uploads\/2026\/02\/Holger-Bickel-und-Roland-Sachs-768-18x12.jpg 18w, https:\/\/schirach-bienengesellschaft.de\/wp-content\/uploads\/2026\/02\/Holger-Bickel-und-Roland-Sachs-768-720x480.jpg 720w, https:\/\/schirach-bienengesellschaft.de\/wp-content\/uploads\/2026\/02\/Holger-Bickel-und-Roland-Sachs-768-272x182.jpg 272w\" sizes=\"auto, (max-width: 768px) 100vw, 768px\" \/>\t\t\t\t\t<\/a>\n\t\t\t\t<\/div>\n\t\t\t\t\t\t\t<div class=\"sow-blog-content-wrapper\"\n\t\t style=\"padding: 25px 30px 33px;\">\n\t\t\t\t<header class=\"sow-entry-header\">\n\t\t\t<h2 class=\"sow-entry-title\" style=\"margin: 0 0 5px;\"><a href=\"https:\/\/schirach-bienengesellschaft.de\/hsb\/2026\/02\/20\/dankeschoen\/\" rel=\"bookmark\">Dankesch\u00f6n<\/a><\/h2>\t\t\t<div class=\"sow-entry-meta\">\n\t\t\t\t\t\t\t<span class=\"sow-entry-date\">\n\t\t\t\t<a href=\"https:\/\/schirach-bienengesellschaft.de\/hsb\/2026\/02\/20\/dankeschoen\/\" rel=\"bookmark\">\n\t\t\t\t\t<time class=\"published\" datetime=\"2026-02-20T21:32:32+01:00\">\n\t\t\t\t\t\t20. februara 2026\t\t\t\t\t<\/time>\n\t\t\t\t\t<time class=\"updated\" datetime=\"2026-02-21T15:38:13+01:00\">\n\t\t\t\t\t\t21. februara 2026\t\t\t\t\t<\/time>\n\t\t\t\t<\/a>\n\t\t\t<\/span>\n\t\t\n\t\t\n\t\t<span class=\"sow-entry-categories\"><a href=\"https:\/\/schirach-bienengesellschaft.de\/hsb\/category\/veranstaltung\/\">Veranstaltung<\/a><\/span>\t\t\t<span class=\"sow-entry-tags\">\n\t\t\t\t<a href=\"https:\/\/schirach-bienengesellschaft.de\/hsb\/tag\/bienen-convent\/\" rel=\"tag\">Bienen-Convent<\/a>\t\t\t<\/span>\n\t\t\n\t\t\t\t\t<\/div>\n\t\t<\/header>\n\n\t\t\t\t\t<div\n\t\t\t\tclass=\"sow-entry-content\"\n\t\t\t\tstyle=\"margin-top: 20px;\"\n\t\t\t>\n\t\t\t\t<p>Liebe Bienenfreunde, liebe Imkerinnen und Imker, hinter uns liegt ein ereignisreicher Tag, der unsere Erwartungen \u00fcbertroffen hat! Am 07. Februar 2026 durften wir \u00fcber 100 Teilnehmer im Sportzentrum Kleinbautzen zum 3. Schirach Bienen-Convent begr\u00fc\u00dfen. Es war eine Freude zu sehen, wie die alte Tradition der \u201e\u00d6konomischen Bienengesellschaft\u201c in der Oberlausitz durch euch alle wieder mit...<a class=\"sow-more-link more-link excerpt\" href=\"https:\/\/schirach-bienengesellschaft.de\/hsb\/2026\/02\/20\/dankeschoen\/\">weiterlesen<span class=\"sow-more-link-arrow\">&rarr;<\/span><\/a><\/p>\t\t\t<\/div>\n\t\t\t\t<\/div>\n<\/article>\n<article id=\"post-1419\" class=\"post-1419 post type-post status-publish format-standard has-post-thumbnail hentry category-veranstaltung tag-bienen-convent\" style=\"margin: 0 0 30px;\">\n\t\t\t\t\t<div class=\"sow-entry-thumbnail\">\n\t\t\t\t\t\t\t\t\t\t<a href=\"https:\/\/schirach-bienengesellschaft.de\/hsb\/2025\/12\/14\/kamingespraech-mit-buchautor-roland-sachs\/\">\n\t\t\t\t\t\t<img loading=\"lazy\" decoding=\"async\" width=\"768\" height=\"512\" src=\"https:\/\/schirach-bienengesellschaft.de\/wp-content\/uploads\/2025\/12\/Schirach_512.png\" class=\"attachment-full size-full wp-post-image\" alt=\"\" srcset=\"https:\/\/schirach-bienengesellschaft.de\/wp-content\/uploads\/2025\/12\/Schirach_512.png 768w, https:\/\/schirach-bienengesellschaft.de\/wp-content\/uploads\/2025\/12\/Schirach_512-300x200.png 300w, https:\/\/schirach-bienengesellschaft.de\/wp-content\/uploads\/2025\/12\/Schirach_512-150x100.png 150w, https:\/\/schirach-bienengesellschaft.de\/wp-content\/uploads\/2025\/12\/Schirach_512-18x12.png 18w, https:\/\/schirach-bienengesellschaft.de\/wp-content\/uploads\/2025\/12\/Schirach_512-720x480.png 720w, https:\/\/schirach-bienengesellschaft.de\/wp-content\/uploads\/2025\/12\/Schirach_512-272x182.png 272w\" sizes=\"auto, (max-width: 768px) 100vw, 768px\" \/>\t\t\t\t\t<\/a>\n\t\t\t\t<\/div>\n\t\t\t\t\t\t\t<div class=\"sow-blog-content-wrapper\"\n\t\t style=\"padding: 25px 30px 33px;\">\n\t\t\t\t<header class=\"sow-entry-header\">\n\t\t\t<h2 class=\"sow-entry-title\" style=\"margin: 0 0 5px;\"><a href=\"https:\/\/schirach-bienengesellschaft.de\/hsb\/2025\/12\/14\/kamingespraech-mit-buchautor-roland-sachs\/\" rel=\"bookmark\">Kamingespr\u00e4ch mit Buchautor Roland Sachs<\/a><\/h2>\t\t\t<div class=\"sow-entry-meta\">\n\t\t\t\t\t\t\t<span class=\"sow-entry-date\">\n\t\t\t\t<a href=\"https:\/\/schirach-bienengesellschaft.de\/hsb\/2025\/12\/14\/kamingespraech-mit-buchautor-roland-sachs\/\" rel=\"bookmark\">\n\t\t\t\t\t<time class=\"published\" datetime=\"2025-12-14T20:35:44+01:00\">\n\t\t\t\t\t\t14. decembra 2025\t\t\t\t\t<\/time>\n\t\t\t\t\t<time class=\"updated\" datetime=\"2025-12-14T20:36:24+01:00\">\n\t\t\t\t\t\t14. decembra 2025\t\t\t\t\t<\/time>\n\t\t\t\t<\/a>\n\t\t\t<\/span>\n\t\t\n\t\t\n\t\t<span class=\"sow-entry-categories\"><a href=\"https:\/\/schirach-bienengesellschaft.de\/hsb\/category\/veranstaltung\/\">Veranstaltung<\/a><\/span>\t\t\t<span class=\"sow-entry-tags\">\n\t\t\t\t<a href=\"https:\/\/schirach-bienengesellschaft.de\/hsb\/tag\/bienen-convent\/\" rel=\"tag\">Bienen-Convent<\/a>\t\t\t<\/span>\n\t\t\n\t\t\t\t\t<\/div>\n\t\t<\/header>\n\n\t\t\t\t\t<div\n\t\t\t\tclass=\"sow-entry-content\"\n\t\t\t\tstyle=\"margin-top: 20px;\"\n\t\t\t>\n\t\t\t\t<p>Im Rahmen des 3. Schirach-Bienen-Convents l\u00e4dt die Schirach-Bienengesellschaft am Freitag, 06. Februar 2026, um 19:00 Uhr zu einem Kamingespr\u00e4ch mit dem Autor des Buches \u201eBienenbau und Bienenbeute\u201c Roland Sachs, in die Gastst\u00e4tte \u201eZum Eisvogel\u201c in Wartha (Gemeinde Malschwitz) ein. Unsere G\u00e4ste haben die Gelegenheit, den Autor pers\u00f6nlich kennenzulernen und mit ihm \u00fcber sein Buch zu...<a class=\"sow-more-link more-link excerpt\" href=\"https:\/\/schirach-bienengesellschaft.de\/hsb\/2025\/12\/14\/kamingespraech-mit-buchautor-roland-sachs\/\">weiterlesen<span class=\"sow-more-link-arrow\">&rarr;<\/span><\/a><\/p>\t\t\t<\/div>\n\t\t\t\t<\/div>\n<\/article>\n<article id=\"post-1383\" class=\"post-1383 post type-post status-publish format-standard has-post-thumbnail hentry category-veranstaltung tag-bienen-convent\" style=\"margin: 0 0 30px;\">\n\t\t\t\t\t<div class=\"sow-entry-thumbnail\">\n\t\t\t\t\t\t\t\t\t\t<a href=\"https:\/\/schirach-bienengesellschaft.de\/hsb\/2025\/12\/01\/einladung-zum-dritten-schirach-bienen-convent\/\">\n\t\t\t\t\t\t<img loading=\"lazy\" decoding=\"async\" width=\"768\" height=\"512\" src=\"https:\/\/schirach-bienengesellschaft.de\/wp-content\/uploads\/2025\/12\/Schirach_512.png\" class=\"attachment-full size-full wp-post-image\" alt=\"\" srcset=\"https:\/\/schirach-bienengesellschaft.de\/wp-content\/uploads\/2025\/12\/Schirach_512.png 768w, https:\/\/schirach-bienengesellschaft.de\/wp-content\/uploads\/2025\/12\/Schirach_512-300x200.png 300w, https:\/\/schirach-bienengesellschaft.de\/wp-content\/uploads\/2025\/12\/Schirach_512-150x100.png 150w, https:\/\/schirach-bienengesellschaft.de\/wp-content\/uploads\/2025\/12\/Schirach_512-18x12.png 18w, https:\/\/schirach-bienengesellschaft.de\/wp-content\/uploads\/2025\/12\/Schirach_512-720x480.png 720w, https:\/\/schirach-bienengesellschaft.de\/wp-content\/uploads\/2025\/12\/Schirach_512-272x182.png 272w\" sizes=\"auto, (max-width: 768px) 100vw, 768px\" \/>\t\t\t\t\t<\/a>\n\t\t\t\t<\/div>\n\t\t\t\t\t\t\t<div class=\"sow-blog-content-wrapper\"\n\t\t style=\"padding: 25px 30px 33px;\">\n\t\t\t\t<header class=\"sow-entry-header\">\n\t\t\t<h2 class=\"sow-entry-title\" style=\"margin: 0 0 5px;\"><a href=\"https:\/\/schirach-bienengesellschaft.de\/hsb\/2025\/12\/01\/einladung-zum-dritten-schirach-bienen-convent\/\" rel=\"bookmark\">Einladung zum dritten Schirach-Bienen-Convent<\/a><\/h2>\t\t\t<div class=\"sow-entry-meta\">\n\t\t\t\t\t\t\t<span class=\"sow-entry-date\">\n\t\t\t\t<a href=\"https:\/\/schirach-bienengesellschaft.de\/hsb\/2025\/12\/01\/einladung-zum-dritten-schirach-bienen-convent\/\" rel=\"bookmark\">\n\t\t\t\t\t<time class=\"published\" datetime=\"2025-12-01T20:51:39+01:00\">\n\t\t\t\t\t\t1. decembra 2025\t\t\t\t\t<\/time>\n\t\t\t\t\t<time class=\"updated\" datetime=\"2025-12-14T20:37:10+01:00\">\n\t\t\t\t\t\t14. decembra 2025\t\t\t\t\t<\/time>\n\t\t\t\t<\/a>\n\t\t\t<\/span>\n\t\t\n\t\t\n\t\t<span class=\"sow-entry-categories\"><a href=\"https:\/\/schirach-bienengesellschaft.de\/hsb\/category\/veranstaltung\/\">Veranstaltung<\/a><\/span>\t\t\t<span class=\"sow-entry-tags\">\n\t\t\t\t<a href=\"https:\/\/schirach-bienengesellschaft.de\/hsb\/tag\/bienen-convent\/\" rel=\"tag\">Bienen-Convent<\/a>\t\t\t<\/span>\n\t\t\n\t\t\t\t\t<\/div>\n\t\t<\/header>\n\n\t\t\t\t\t<div\n\t\t\t\tclass=\"sow-entry-content\"\n\t\t\t\tstyle=\"margin-top: 20px;\"\n\t\t\t>\n\t\t\t\t<p>Die Schirach-Bienengesellschaft e.V. und der Landesverband S\u00e4chsischer Imker laden zum 3. Schirach Bienen-Convent 2026 am 07.02.2026 08:30 Uhr-16:00 Uhr nach Kleinbautzen ein. Ausf\u00fchrliche Informationen zur Veranstaltung und die Anmeldung im Veranstaltungskalender.<\/p>\t\t\t<\/div>\n\t\t\t\t<\/div>\n<\/article>\n\t\t\t<\/div>\n\t\t\t\t\t\t\t\t<\/div>\n\t<\/div><\/div><\/div><\/div><div id=\"pg-20-9\"  class=\"panel-grid panel-has-style panel-has-overlay\" ><div class=\"so-rounded panel-row-style panel-row-style-for-20-9\" >\t\t\t\t<div\n\t\t\t\t\tclass=\"panel-background-overlay\"\n\t\t\t\t\t\t\t\t\t\t\tstyle=\"background-image:url(https:\/\/schirach-bienengesellschaft.de\/wp-content\/uploads\/2024\/08\/viele-Bienen-auf-einer-Honigwabe-800.png);background-attachment:fixed;background-position:center center;background-size:cover;opacity:0.47;border-radius:15px 15px 15px 15px;\"\n\t\t\t\t\t\t\t\t\t>\n\t\t\t\t\t\t\t\t\t<\/div>\n\t\t\t\t<div id=\"pgc-20-9-0\"  class=\"panel-grid-cell panel-grid-cell-empty\" ><\/div><div id=\"pgc-20-9-1\"  class=\"panel-grid-cell panel-grid-cell-mobile-last\" ><div id=\"panel-20-9-1-0\" class=\"so-panel widget widget_sow-button panel-first-child panel-last-child\" data-index=\"10\" ><div\n\t\t\t\n\t\t\tclass=\"so-widget-sow-button so-widget-sow-button-flat-21fcb5462688-1383\"\n\t\t\t\n\t\t><div class=\"ow-button-base ow-button-align-center\"\n>\n\t\t\t<a\n\t\t\t\t\thref=\"https:\/\/schirach-bienengesellschaft.de\/hsb\/aktuelles\/\"\n\t\t\t\t\tclass=\"sowb-button ow-icon-placement-left\" \t>\n\t\t<span>\n\t\t\t<span class=\"sow-icon-fontawesome sow-fas\" data-sow-icon=\"&#xf5da;\"\n\t\tstyle=\"color: #ee7e34\" \n\t\taria-hidden=\"true\"><\/span>\n\t\t\talle Beitr\u00e4ge\t\t<\/span>\n\t\t\t<\/a>\n\t<\/div>\n<\/div><\/div><\/div><div id=\"pgc-20-9-2\"  class=\"panel-grid-cell panel-grid-cell-empty\" ><\/div><\/div><\/div><div id=\"pg-20-10\"  class=\"panel-grid panel-no-style\" ><div id=\"pgc-20-10-0\"  class=\"panel-grid-cell\" ><div id=\"panel-20-10-0-0\" class=\"so-panel widget widget_sow-headline panel-first-child panel-last-child\" data-index=\"11\" ><div class=\"so-rounded panel-widget-style panel-widget-style-for-20-10-0-0\" ><div\n\t\t\t\n\t\t\tclass=\"so-widget-sow-headline so-widget-sow-headline-default-2e9503bc638d-1383\"\n\t\t\t\n\t\t><div class=\"sow-headline-container \">\n\t\t\t\t\t\t\t<h2 class=\"sow-headline\">\n\t\t\t\t\t\tBevorstehende Veranstaltungen\t\t\t\t\t\t<\/h2>\n\t\t\t\t\t\t\t\t\t\t\t<div class=\"decoration\">\n\t\t\t\t\t\t<div class=\"decoration-inside\"><\/div>\n\t\t\t\t\t<\/div>\n\t\t\t\t\t<\/div>\n<\/div><\/div><\/div><\/div><\/div><div id=\"pg-20-11\"  class=\"panel-grid panel-has-style\" ><div class=\"so-rounded panel-row-style panel-row-style-for-20-11\" ><div id=\"pgc-20-11-0\"  class=\"panel-grid-cell panel-grid-cell-empty\" ><\/div><div id=\"pgc-20-11-1\"  class=\"panel-grid-cell panel-grid-cell-mobile-last\" ><script data-js='tribe-events-view-nonce-data' type='application\/json'>{\"tvn1\":\"f129a311ee\",\"tvn2\":\"\"}<\/script><\/div><div id=\"pgc-20-11-2\"  class=\"panel-grid-cell panel-grid-cell-empty\" ><\/div><\/div><\/div><div id=\"pg-20-12\"  class=\"panel-grid panel-no-style\" ><div id=\"pgc-20-12-0\"  class=\"panel-grid-cell\" ><div id=\"panel-20-12-0-0\" class=\"so-panel widget widget_sow-headline panel-first-child panel-last-child\" data-index=\"13\" ><div class=\"so-rounded panel-widget-style panel-widget-style-for-20-12-0-0\" ><div\n\t\t\t\n\t\t\tclass=\"so-widget-sow-headline so-widget-sow-headline-default-fc9a933aa32f-1383\"\n\t\t\t\n\t\t><div class=\"sow-headline-container \">\n\t\t\t\t\t\t\t<h2 class=\"sow-headline\">\n\t\t\t\t\t\twir werden unterst\u00fctzt von\t\t\t\t\t\t<\/h2>\n\t\t\t\t\t\t\t\t\t\t\t<div class=\"decoration\">\n\t\t\t\t\t\t<div class=\"decoration-inside\"><\/div>\n\t\t\t\t\t<\/div>\n\t\t\t\t\t<\/div>\n<\/div><\/div><\/div><\/div><\/div><div id=\"pg-20-13\"  class=\"panel-grid panel-has-style panel-has-overlay\" ><div class=\"so-rounded panel-row-style panel-row-style-for-20-13\" >\t\t\t\t<div\n\t\t\t\t\tclass=\"panel-background-overlay\"\n\t\t\t\t\t\t\t\t\t\t\tstyle=\"background-color:#ffffff;background-image:url(https:\/\/schirach-bienengesellschaft.de\/wp-content\/uploads\/2024\/08\/viele-Bienen-auf-einer-Honigwabe-800.png);background-attachment:fixed;background-position:center center;background-size:cover;opacity:0.47;border-radius:15px 15px 15px 15px;\"\n\t\t\t\t\t\t\t\t\t>\n\t\t\t\t\t\t\t\t\t<\/div>\n\t\t\t\t<div id=\"pgc-20-13-0\"  class=\"panel-grid-cell\" ><div id=\"panel-20-13-0-0\" class=\"so-panel widget widget_sow-features panel-first-child panel-last-child\" data-index=\"14\" ><div class=\"so-rounded panel-widget-style panel-widget-style-for-20-13-0-0\" ><div\n\t\t\t\n\t\t\tclass=\"so-widget-sow-features so-widget-sow-features-default-e35df1a18cdb-1383\"\n\t\t\t\n\t\t><ul\n\tclass=\"sow-features-list\n\tsow-features-responsive\">\n\n\t\t\t<li\n\t\t\tclass=\"sow-features-feature sow-icon-container-position-top\"\n\t\t\tstyle=\"display: flex; flex-direction: column; width: calc(33.333% - 25px);\"\n\t\t>\n\t\t\t\n\t\t\t\t\t\t<a\t\t\t\tclass=\"sow-icon-container sow-container-none\"\n\t\t\t\tstyle=\"color: #404040; \"\n\t\t\t\ttitle=\"Imkerei Lohse\"\n\t\t\t\t\t\t\t\t\thref=\"https:\/\/imkereilohse.de\/\"\n\t\t\t\t\ttarget=\"_blank\" rel=\"noopener noreferrer\"\t\t\t>\n\t\t\t\t\t\t\t\t\t\t<div class=\"sow-icon-image\" style=\"background-image: url(https:\/\/schirach-bienengesellschaft.de\/wp-content\/uploads\/2024\/08\/306227159_108488332004042_8872637859368224492_n.jpg); font-size: 240px\"><\/div>\n\t\t\t\t\t\t\t\t\t<\/a>\n\n\t\t\t<div class=\"textwidget\">\n\t\t\t\t\n\t\t\t\t\t\t\t\t\t<h5 class=\"sow-features-feature-title\">\n\t\t\t\t\t\t\t\t\t\t\t\t\t<a\n\t\t\t\t\t\t\t\thref=\"https:\/\/imkereilohse.de\/\"\n\t\t\t\t\t\t\t\ttarget=\"_blank\" rel=\"noopener noreferrer\"\t\t\t\t\t\t\t>\n\t\t\t\t\t\t\tImkerei Lohse\t\t\t\t\t\t\t<\/a>\n\t\t\t\t\t\t\t\t\t\t\t\t<\/h5>\n\t\t\t\t\n\t\t\t\t\t\t\t<\/div>\n\t\t\t\t\t\t\t\t<\/li>\n\n\t<\/ul>\n<\/div><\/div><\/div><\/div><\/div><\/div><\/div>","protected":false},"excerpt":{"rendered":"<p>Die Schirach Bienengesellschaft wurde von den Imkern von Kleinbautzen und Umgebung als zuk\u00fcnftig eingetragener Verein gegr\u00fcndet, um Adam Gottlob Schirach, den Gr\u00fcnder des ersten weltweit offiziellen Imkervereins und der 1. S\u00e4chsischen Imkerschule, zum 300. Geburtstag zu gedenken. A.G.Schirach leitete mit seinen Erkenntnissen das neue Zeitalter der Bienenwissenschaft ein. Die Aufgaben der Schirach-Bienengesellschaft sind: \u2022 Traditionspflege&#8230;<\/p>","protected":false},"author":1,"featured_media":0,"parent":0,"menu_order":0,"comment_status":"closed","ping_status":"closed","template":"","meta":{"footnotes":""},"class_list":["post-20","page","type-page","status-publish","hentry","post"],"_links":{"self":[{"href":"https:\/\/schirach-bienengesellschaft.de\/hsb\/wp-json\/wp\/v2\/pages\/20","targetHints":{"allow":["GET"]}}],"collection":[{"href":"https:\/\/schirach-bienengesellschaft.de\/hsb\/wp-json\/wp\/v2\/pages"}],"about":[{"href":"https:\/\/schirach-bienengesellschaft.de\/hsb\/wp-json\/wp\/v2\/types\/page"}],"author":[{"embeddable":true,"href":"https:\/\/schirach-bienengesellschaft.de\/hsb\/wp-json\/wp\/v2\/users\/1"}],"replies":[{"embeddable":true,"href":"https:\/\/schirach-bienengesellschaft.de\/hsb\/wp-json\/wp\/v2\/comments?post=20"}],"version-history":[{"count":10,"href":"https:\/\/schirach-bienengesellschaft.de\/hsb\/wp-json\/wp\/v2\/pages\/20\/revisions"}],"predecessor-version":[{"id":1348,"href":"https:\/\/schirach-bienengesellschaft.de\/hsb\/wp-json\/wp\/v2\/pages\/20\/revisions\/1348"}],"wp:attachment":[{"href":"https:\/\/schirach-bienengesellschaft.de\/hsb\/wp-json\/wp\/v2\/media?parent=20"}],"curies":[{"name":"wp","href":"https:\/\/api.w.org\/{rel}","templated":true}]}}